{"id":3231,"date":"2021-11-06T22:05:00","date_gmt":"2021-11-06T21:05:00","guid":{"rendered":"https:\/\/vi2vals-immigration.ca\/?page_id=3231"},"modified":"2022-11-29T10:05:04","modified_gmt":"2022-11-29T09:05:04","slug":"actualites","status":"publish","type":"page","link":"https:\/\/vi2vals-immigration.ca\/en\/actualites\/","title":{"rendered":"News"},"content":{"rendered":"<div data-elementor-type=\"wp-page\" data-elementor-id=\"3231\" class=\"elementor elementor-3231\">\n\t\t\t\t\t\t\t\t\t<section data-particle_enable=\"false\" data-particle-mobile-disabled=\"false\" class=\"elementor-section elementor-top-section elementor-element elementor-element-30e1df6 elementor-section-full_width elementor-section-height-default elementor-section-height-default\" data-id=\"30e1df6\" data-element_type=\"section\">\n\t\t\t\t\t\t<div class=\"elementor-container elementor-column-gap-default\">\n\t\t\t\t\t<div class=\"elementor-column elementor-col-100 elementor-top-column elementor-element elementor-element-ef9db9b\" data-id=\"ef9db9b\" data-element_type=\"column\">\n\t\t\t<div class=\"elementor-widget-wrap elementor-element-populated\">\n\t\t\t\t\t\t\t\t<div class=\"elementor-element elementor-element-05e01a1 elementor-widget elementor-widget-visarzo_blog\" data-id=\"05e01a1\" data-element_type=\"widget\" data-widget_type=\"visarzo_blog.default\">\n\t\t\t\t<div class=\"elementor-widget-container\">\n\t\t\t\t\t\t\t\t<section class=\"news-section sec-pad-2\">\n\t\t\t<div class=\"auto-container\">\n\t\t\t\t\t\t\t<div class=\"row clearfix\">\n\t\t\t\t\t\t\t\t\t\t\n\t\t\t\t\t<div class=\"col-lg-4 col-md-6 col-sm-12 news-block\">\n\t\t\t\t\t\t<div class=\"news-block-one wow fadeInUp animated animated\" data-wow-delay=\"0ms\" data-wow-duration=\"1500ms\">\n\t\t\t\t\t\t\t<div class=\"inner-box\">\n\t\t\t\t\t\t\t\t<figure class=\"image-box\"><a href=\"https:\/\/vi2vals-immigration.ca\/en\/vi2vals-immigration-prix-coup-de-coeur-a-la-5eme-edition-des-bourses-dhonneur-de-la-diversite-ethnoculturelle\/\">\n\t\t\t\t\t<img loading=\"lazy\" decoding=\"async\" width=\"360\" height=\"300\" src=\"https:\/\/vi2vals-immigration.ca\/wp-content\/uploads\/2022\/11\/bourse-honneur-360x300.jpeg\" class=\"attachment-visarzo-blog-grid size-visarzo-blog-grid wp-post-image\" alt=\"\" \/>\t\t\t\t\t\t\t\t\t\t <\/a>\n\t\t\t\t\t\t\t\t<\/figure>\n\t\t\t\t\t\t\t\t<div class=\"lower-content\">\n\t\t\t\t\t\t\t\t\t<div class=\"post-date\"><h2>27<\/h2><span>Nov<\/span><\/div>\n\t\t\t\t\t\t\t\t\t<h3><a href=\"https:\/\/vi2vals-immigration.ca\/en\/vi2vals-immigration-prix-coup-de-coeur-a-la-5eme-edition-des-bourses-dhonneur-de-la-diversite-ethnoculturelle\/\">VI2VALS IMMIGRATION :\u00a0PRIX COUP DE C\u0152UR A LA 5E \u00c9DITION DES BOURSES D\u2019HONNEUR DE LA DIVERSITE ETHNOCULTURELLE<\/a><\/h3>\n\t\t\t\t\t\t\t\t\t<ul class=\"post-info clearfix\">\n\t\t\t\t\t\t\t\t\n\t\t\t\t\t\t\t\t\t<li><a href=\"https:\/\/vi2vals-immigration.ca\/en\/author\/vi2vals\/\">By vi2vals<\/a><\/li>\n\t\t\t\t\t\t\t\t\t<li>\n\t\t\t\t\t\t\t\t\t\t\t\t\t\t\t\t<a href=\"https:\/\/vi2vals-immigration.ca\/en\/category\/divers\/\">Divers<\/a>\n\t\t\t\t\t\t  \t\t\t\t\t\t\t\t\t<\/li>\n\t\t\t\t\t\t\t\t\t<\/ul>\n\t\t\t\t\t\t\t\t\t<div class=\"link\"><a href=\"https:\/\/vi2vals-immigration.ca\/en\/vi2vals-immigration-prix-coup-de-coeur-a-la-5eme-edition-des-bourses-dhonneur-de-la-diversite-ethnoculturelle\/\">Read More<i class=\"flaticon-send\"><\/i><\/a><\/div>\n\t\t\t\t\t\t\t\t<\/div>\n\t\t\t\t\t\t\t<\/div>\n\t\t\t\t\t\t<\/div>\n\t\t\t\t\t<\/div>\n\t\t\t\t\t\t\t\t\t\t\t\t\n\t\t\t\t\t<div class=\"col-lg-4 col-md-6 col-sm-12 news-block\">\n\t\t\t\t\t\t<div class=\"news-block-one wow fadeInUp animated animated\" data-wow-delay=\"300ms\" data-wow-duration=\"1500ms\">\n\t\t\t\t\t\t\t<div class=\"inner-box\">\n\t\t\t\t\t\t\t\t<figure class=\"image-box\"><a href=\"https:\/\/vi2vals-immigration.ca\/en\/procedure-dobtention-du-permis-detudes\/\">\n\t\t\t\t\t<img loading=\"lazy\" decoding=\"async\" width=\"360\" height=\"300\" src=\"https:\/\/vi2vals-immigration.ca\/wp-content\/uploads\/2022\/11\/procedure-obtention-permis-etude-image-360x300.jpeg\" class=\"attachment-visarzo-blog-grid size-visarzo-blog-grid wp-post-image\" alt=\"\" \/>\t\t\t\t\t\t\t\t\t\t <\/a>\n\t\t\t\t\t\t\t\t<\/figure>\n\t\t\t\t\t\t\t\t<div class=\"lower-content\">\n\t\t\t\t\t\t\t\t\t<div class=\"post-date\"><h2>27<\/h2><span>Nov<\/span><\/div>\n\t\t\t\t\t\t\t\t\t<h3><a href=\"https:\/\/vi2vals-immigration.ca\/en\/procedure-dobtention-du-permis-detudes\/\">PROCEDURE FOR OBTAINING A STUDY PERMIT<\/a><\/h3>\n\t\t\t\t\t\t\t\t\t<ul class=\"post-info clearfix\">\n\t\t\t\t\t\t\t\t\n\t\t\t\t\t\t\t\t\t<li><a href=\"https:\/\/vi2vals-immigration.ca\/en\/author\/vi2vals\/\">By vi2vals<\/a><\/li>\n\t\t\t\t\t\t\t\t\t<li>\n\t\t\t\t\t\t\t\t\t\t\t\t\t\t\t\t<a href=\"https:\/\/vi2vals-immigration.ca\/en\/category\/etudes\/\">Etudes<\/a>\n\t\t\t\t\t\t  \t\t\t\t\t\t\t\t\t\t\t<a href=\"https:\/\/vi2vals-immigration.ca\/en\/category\/immigration\/\">Immigration<\/a>\n\t\t\t\t\t\t  \t\t\t\t\t\t\t\t\t<\/li>\n\t\t\t\t\t\t\t\t\t<\/ul>\n\t\t\t\t\t\t\t\t\t<div class=\"link\"><a href=\"https:\/\/vi2vals-immigration.ca\/en\/procedure-dobtention-du-permis-detudes\/\">Read More<i class=\"flaticon-send\"><\/i><\/a><\/div>\n\t\t\t\t\t\t\t\t<\/div>\n\t\t\t\t\t\t\t<\/div>\n\t\t\t\t\t\t<\/div>\n\t\t\t\t\t<\/div>\n\t\t\t\t\t\t\t\t\t\t\t\t\n\t\t\t\t\t<div class=\"col-lg-4 col-md-6 col-sm-12 news-block\">\n\t\t\t\t\t\t<div class=\"news-block-one wow fadeInUp animated animated\" data-wow-delay=\"600ms\" data-wow-duration=\"1500ms\">\n\t\t\t\t\t\t\t<div class=\"inner-box\">\n\t\t\t\t\t\t\t\t<figure class=\"image-box\"><a href=\"https:\/\/vi2vals-immigration.ca\/en\/revue-de-lactualite-de-limmigration-canadienne\/\">\n\t\t\t\t\t<img loading=\"lazy\" decoding=\"async\" width=\"360\" height=\"300\" src=\"https:\/\/vi2vals-immigration.ca\/wp-content\/uploads\/2022\/11\/news-360x300.jpg\" class=\"attachment-visarzo-blog-grid size-visarzo-blog-grid wp-post-image\" alt=\"\" \/>\t\t\t\t\t\t\t\t\t\t <\/a>\n\t\t\t\t\t\t\t\t<\/figure>\n\t\t\t\t\t\t\t\t<div class=\"lower-content\">\n\t\t\t\t\t\t\t\t\t<div class=\"post-date\"><h2>10<\/h2><span>Nov<\/span><\/div>\n\t\t\t\t\t\t\t\t\t<h3><a href=\"https:\/\/vi2vals-immigration.ca\/en\/revue-de-lactualite-de-limmigration-canadienne\/\">CANADIAN IMMIGRATION NEWS REVIEW<\/a><\/h3>\n\t\t\t\t\t\t\t\t\t<ul class=\"post-info clearfix\">\n\t\t\t\t\t\t\t\t\n\t\t\t\t\t\t\t\t\t<li><a href=\"https:\/\/vi2vals-immigration.ca\/en\/author\/vi2vals\/\">By vi2vals<\/a><\/li>\n\t\t\t\t\t\t\t\t\t<li>\n\t\t\t\t\t\t\t\t\t\t\t\t\t\t\t\t<a href=\"https:\/\/vi2vals-immigration.ca\/en\/category\/immigration\/\">Immigration<\/a>\n\t\t\t\t\t\t  \t\t\t\t\t\t\t\t\t<\/li>\n\t\t\t\t\t\t\t\t\t<\/ul>\n\t\t\t\t\t\t\t\t\t<div class=\"link\"><a href=\"https:\/\/vi2vals-immigration.ca\/en\/revue-de-lactualite-de-limmigration-canadienne\/\">Read More<i class=\"flaticon-send\"><\/i><\/a><\/div>\n\t\t\t\t\t\t\t\t<\/div>\n\t\t\t\t\t\t\t<\/div>\n\t\t\t\t\t\t<\/div>\n\t\t\t\t\t<\/div>\n\t\t\t\t\t\t\t\t\t\t\t\t\n\t\t\t\t\t<div class=\"col-lg-4 col-md-6 col-sm-12 news-block\">\n\t\t\t\t\t\t<div class=\"news-block-one wow fadeInUp animated animated\" data-wow-delay=\"900ms\" data-wow-duration=\"1500ms\">\n\t\t\t\t\t\t\t<div class=\"inner-box\">\n\t\t\t\t\t\t\t\t<figure class=\"image-box\"><a href=\"https:\/\/vi2vals-immigration.ca\/en\/comment-trouver-un-travail-au-canada-depuis-letranger\/\">\n\t\t\t\t\t<img loading=\"lazy\" decoding=\"async\" width=\"360\" height=\"300\" src=\"https:\/\/vi2vals-immigration.ca\/wp-content\/uploads\/2022\/10\/couverture_travail_canada-360x300.png\" class=\"attachment-visarzo-blog-grid size-visarzo-blog-grid wp-post-image\" alt=\"\" \/>\t\t\t\t\t\t\t\t\t\t <\/a>\n\t\t\t\t\t\t\t\t<\/figure>\n\t\t\t\t\t\t\t\t<div class=\"lower-content\">\n\t\t\t\t\t\t\t\t\t<div class=\"post-date\"><h2>10<\/h2><span>Oct<\/span><\/div>\n\t\t\t\t\t\t\t\t\t<h3><a href=\"https:\/\/vi2vals-immigration.ca\/en\/comment-trouver-un-travail-au-canada-depuis-letranger\/\">How to find a job in Canada from abroad?\u00a0<\/a><\/h3>\n\t\t\t\t\t\t\t\t\t<ul class=\"post-info clearfix\">\n\t\t\t\t\t\t\t\t\n\t\t\t\t\t\t\t\t\t<li><a href=\"https:\/\/vi2vals-immigration.ca\/en\/author\/vi2vals\/\">By vi2vals<\/a><\/li>\n\t\t\t\t\t\t\t\t\t<li>\n\t\t\t\t\t\t\t\t\t\t\t\t\t\t\t\t<a href=\"https:\/\/vi2vals-immigration.ca\/en\/category\/immigration\/\">Immigration<\/a>\n\t\t\t\t\t\t  \t\t\t\t\t\t\t\t\t<\/li>\n\t\t\t\t\t\t\t\t\t<\/ul>\n\t\t\t\t\t\t\t\t\t<div class=\"link\"><a href=\"https:\/\/vi2vals-immigration.ca\/en\/comment-trouver-un-travail-au-canada-depuis-letranger\/\">Read More<i class=\"flaticon-send\"><\/i><\/a><\/div>\n\t\t\t\t\t\t\t\t<\/div>\n\t\t\t\t\t\t\t<\/div>\n\t\t\t\t\t\t<\/div>\n\t\t\t\t\t<\/div>\n\t\t\t\t\t\t\t\t\t\t\t\t\n\t\t\t\t\t<div class=\"col-lg-4 col-md-6 col-sm-12 news-block\">\n\t\t\t\t\t\t<div class=\"news-block-one wow fadeInUp animated animated\" data-wow-delay=\"1200ms\" data-wow-duration=\"1500ms\">\n\t\t\t\t\t\t\t<div class=\"inner-box\">\n\t\t\t\t\t\t\t\t<figure class=\"image-box\"><a href=\"https:\/\/vi2vals-immigration.ca\/en\/un-avenir-prometteur-pour-le-systeme-dimmigration-canadien\/\">\n\t\t\t\t\t<img loading=\"lazy\" decoding=\"async\" width=\"360\" height=\"300\" src=\"https:\/\/vi2vals-immigration.ca\/wp-content\/uploads\/2022\/09\/un-avenir-prometteur-360x300.png\" class=\"attachment-visarzo-blog-grid size-visarzo-blog-grid wp-post-image\" alt=\"\" \/>\t\t\t\t\t\t\t\t\t\t <\/a>\n\t\t\t\t\t\t\t\t<\/figure>\n\t\t\t\t\t\t\t\t<div class=\"lower-content\">\n\t\t\t\t\t\t\t\t\t<div class=\"post-date\"><h2>05<\/h2><span>Sep<\/span><\/div>\n\t\t\t\t\t\t\t\t\t<h3><a href=\"https:\/\/vi2vals-immigration.ca\/en\/un-avenir-prometteur-pour-le-systeme-dimmigration-canadien\/\">A promising future for the canadian immigration system<\/a><\/h3>\n\t\t\t\t\t\t\t\t\t<ul class=\"post-info clearfix\">\n\t\t\t\t\t\t\t\t\n\t\t\t\t\t\t\t\t\t<li><a href=\"https:\/\/vi2vals-immigration.ca\/en\/author\/vi2vals\/\">By vi2vals<\/a><\/li>\n\t\t\t\t\t\t\t\t\t<li>\n\t\t\t\t\t\t\t\t\t\t\t\t\t\t\t\t<a href=\"https:\/\/vi2vals-immigration.ca\/en\/category\/immigration\/\">Immigration<\/a>\n\t\t\t\t\t\t  \t\t\t\t\t\t\t\t\t<\/li>\n\t\t\t\t\t\t\t\t\t<\/ul>\n\t\t\t\t\t\t\t\t\t<div class=\"link\"><a href=\"https:\/\/vi2vals-immigration.ca\/en\/un-avenir-prometteur-pour-le-systeme-dimmigration-canadien\/\">Read More<i class=\"flaticon-send\"><\/i><\/a><\/div>\n\t\t\t\t\t\t\t\t<\/div>\n\t\t\t\t\t\t\t<\/div>\n\t\t\t\t\t\t<\/div>\n\t\t\t\t\t<\/div>\n\t\t\t\t\t\t\t\t\t\t\t\t\n\t\t\t\t\t<div class=\"col-lg-4 col-md-6 col-sm-12 news-block\">\n\t\t\t\t\t\t<div class=\"news-block-one wow fadeInUp animated animated\" data-wow-delay=\"1500ms\" data-wow-duration=\"1500ms\">\n\t\t\t\t\t\t\t<div class=\"inner-box\">\n\t\t\t\t\t\t\t\t<figure class=\"image-box\"><a href=\"https:\/\/vi2vals-immigration.ca\/en\/possibilites-dimmigrations-au-canada-que-faut-il-choisir\/\">\n\t\t\t\t\t<img loading=\"lazy\" decoding=\"async\" width=\"360\" height=\"272\" src=\"https:\/\/vi2vals-immigration.ca\/wp-content\/uploads\/2022\/08\/immigration-360x272.jpeg\" class=\"attachment-visarzo-blog-grid size-visarzo-blog-grid wp-post-image\" alt=\"\" \/>\t\t\t\t\t\t\t\t\t\t <\/a>\n\t\t\t\t\t\t\t\t<\/figure>\n\t\t\t\t\t\t\t\t<div class=\"lower-content\">\n\t\t\t\t\t\t\t\t\t<div class=\"post-date\"><h2>09<\/h2><span>Aug<\/span><\/div>\n\t\t\t\t\t\t\t\t\t<h3><a href=\"https:\/\/vi2vals-immigration.ca\/en\/possibilites-dimmigrations-au-canada-que-faut-il-choisir\/\">Possibilit\u00e9s d\u2019immigration au Canada : Que faut-il choisir ?<\/a><\/h3>\n\t\t\t\t\t\t\t\t\t<ul class=\"post-info clearfix\">\n\t\t\t\t\t\t\t\t\n\t\t\t\t\t\t\t\t\t<li><a href=\"https:\/\/vi2vals-immigration.ca\/en\/author\/vi2vals\/\">By vi2vals<\/a><\/li>\n\t\t\t\t\t\t\t\t\t<li>\n\t\t\t\t\t\t\t\t\t\t\t\t\t\t\t\t<a href=\"https:\/\/vi2vals-immigration.ca\/en\/category\/immigration\/\">Immigration<\/a>\n\t\t\t\t\t\t  \t\t\t\t\t\t\t\t\t<\/li>\n\t\t\t\t\t\t\t\t\t<\/ul>\n\t\t\t\t\t\t\t\t\t<div class=\"link\"><a href=\"https:\/\/vi2vals-immigration.ca\/en\/possibilites-dimmigrations-au-canada-que-faut-il-choisir\/\">Read More<i class=\"flaticon-send\"><\/i><\/a><\/div>\n\t\t\t\t\t\t\t\t<\/div>\n\t\t\t\t\t\t\t<\/div>\n\t\t\t\t\t\t<\/div>\n\t\t\t\t\t<\/div>\n\t\t\t\t\t\t\t\t\t\t\t\t\n\t\t\t\t\t<div class=\"col-lg-4 col-md-6 col-sm-12 news-block\">\n\t\t\t\t\t\t<div class=\"news-block-one wow fadeInUp animated animated\" data-wow-delay=\"1800ms\" data-wow-duration=\"1500ms\">\n\t\t\t\t\t\t\t<div class=\"inner-box\">\n\t\t\t\t\t\t\t\t<figure class=\"image-box\"><a href=\"https:\/\/vi2vals-immigration.ca\/en\/un-nouveau-bureau-de-visas-canadiens-a-yaounde-cameroun-pourrait-etre-ouvert\/\">\n\t\t\t\t\t<img loading=\"lazy\" decoding=\"async\" width=\"360\" height=\"300\" src=\"https:\/\/vi2vals-immigration.ca\/wp-content\/uploads\/2022\/07\/canadian-office-360x300.png\" class=\"attachment-visarzo-blog-grid size-visarzo-blog-grid wp-post-image\" alt=\"\" \/>\t\t\t\t\t\t\t\t\t\t <\/a>\n\t\t\t\t\t\t\t\t<\/figure>\n\t\t\t\t\t\t\t\t<div class=\"lower-content\">\n\t\t\t\t\t\t\t\t\t<div class=\"post-date\"><h2>26<\/h2><span>Jul<\/span><\/div>\n\t\t\t\t\t\t\t\t\t<h3><a href=\"https:\/\/vi2vals-immigration.ca\/en\/un-nouveau-bureau-de-visas-canadiens-a-yaounde-cameroun-pourrait-etre-ouvert\/\">Un nouveau\u00a0 bureau de visas canadiens \u00e0  Yaound\u00e9 (Cameroun) pourrait \u00eatre ouvert<\/a><\/h3>\n\t\t\t\t\t\t\t\t\t<ul class=\"post-info clearfix\">\n\t\t\t\t\t\t\t\t\n\t\t\t\t\t\t\t\t\t<li><a href=\"https:\/\/vi2vals-immigration.ca\/en\/author\/vi2vals\/\">By vi2vals<\/a><\/li>\n\t\t\t\t\t\t\t\t\t<li>\n\t\t\t\t\t\t\t\t\t\t\t\t\t\t\t\t<a href=\"https:\/\/vi2vals-immigration.ca\/en\/category\/immigration\/\">Immigration<\/a>\n\t\t\t\t\t\t  \t\t\t\t\t\t\t\t\t<\/li>\n\t\t\t\t\t\t\t\t\t<\/ul>\n\t\t\t\t\t\t\t\t\t<div class=\"link\"><a href=\"https:\/\/vi2vals-immigration.ca\/en\/un-nouveau-bureau-de-visas-canadiens-a-yaounde-cameroun-pourrait-etre-ouvert\/\">Read More<i class=\"flaticon-send\"><\/i><\/a><\/div>\n\t\t\t\t\t\t\t\t<\/div>\n\t\t\t\t\t\t\t<\/div>\n\t\t\t\t\t\t<\/div>\n\t\t\t\t\t<\/div>\n\t\t\t\t\t\t\t\t\t\t\t\t\n\t\t\t\t\t<div class=\"col-lg-4 col-md-6 col-sm-12 news-block\">\n\t\t\t\t\t\t<div class=\"news-block-one wow fadeInUp animated animated\" data-wow-delay=\"2100ms\" data-wow-duration=\"1500ms\">\n\t\t\t\t\t\t\t<div class=\"inner-box\">\n\t\t\t\t\t\t\t\t<figure class=\"image-box\"><a href=\"https:\/\/vi2vals-immigration.ca\/en\/la-reprise-des-invitations-entree-express\/\">\n\t\t\t\t\t<img loading=\"lazy\" decoding=\"async\" width=\"360\" height=\"300\" src=\"https:\/\/vi2vals-immigration.ca\/wp-content\/uploads\/2022\/07\/entree-express-360x300.jpeg\" class=\"attachment-visarzo-blog-grid size-visarzo-blog-grid wp-post-image\" alt=\"image entr\u00e9e express\" \/>\t\t\t\t\t\t\t\t\t\t <\/a>\n\t\t\t\t\t\t\t\t<\/figure>\n\t\t\t\t\t\t\t\t<div class=\"lower-content\">\n\t\t\t\t\t\t\t\t\t<div class=\"post-date\"><h2>14<\/h2><span>Jul<\/span><\/div>\n\t\t\t\t\t\t\t\t\t<h3><a href=\"https:\/\/vi2vals-immigration.ca\/en\/la-reprise-des-invitations-entree-express\/\">Resumption of Express Entry invitations<\/a><\/h3>\n\t\t\t\t\t\t\t\t\t<ul class=\"post-info clearfix\">\n\t\t\t\t\t\t\t\t\n\t\t\t\t\t\t\t\t\t<li><a href=\"https:\/\/vi2vals-immigration.ca\/en\/author\/vi2vals\/\">By vi2vals<\/a><\/li>\n\t\t\t\t\t\t\t\t\t<li>\n\t\t\t\t\t\t\t\t\t\t\t\t\t\t\t\t<a href=\"https:\/\/vi2vals-immigration.ca\/en\/category\/immigration\/entree-express\/\">Express Entry<\/a>\n\t\t\t\t\t\t  \t\t\t\t\t\t\t\t\t\t\t<a href=\"https:\/\/vi2vals-immigration.ca\/en\/category\/immigration\/\">Immigration<\/a>\n\t\t\t\t\t\t  \t\t\t\t\t\t\t\t\t<\/li>\n\t\t\t\t\t\t\t\t\t<\/ul>\n\t\t\t\t\t\t\t\t\t<div class=\"link\"><a href=\"https:\/\/vi2vals-immigration.ca\/en\/la-reprise-des-invitations-entree-express\/\">Read More<i class=\"flaticon-send\"><\/i><\/a><\/div>\n\t\t\t\t\t\t\t\t<\/div>\n\t\t\t\t\t\t\t<\/div>\n\t\t\t\t\t\t<\/div>\n\t\t\t\t\t<\/div>\n\t\t\t\t\t\t\t\t\t\t\t\t\n\t\t\t\t\t<div class=\"col-lg-4 col-md-6 col-sm-12 news-block\">\n\t\t\t\t\t\t<div class=\"news-block-one wow fadeInUp animated animated\" data-wow-delay=\"2400ms\" data-wow-duration=\"1500ms\">\n\t\t\t\t\t\t\t<div class=\"inner-box\">\n\t\t\t\t\t\t\t\t<figure class=\"image-box\"><a href=\"https:\/\/vi2vals-immigration.ca\/en\/exemption-des-droits-de-scolarite-supplementaires-exiges-des-etudiants-etrangers-qui-etudieront-en-francais-et-en-region\/\">\n\t\t\t\t\t<img loading=\"lazy\" decoding=\"async\" width=\"360\" height=\"300\" src=\"https:\/\/vi2vals-immigration.ca\/wp-content\/uploads\/2022\/05\/Etudiant-etranger-360x300.jpeg\" class=\"attachment-visarzo-blog-grid size-visarzo-blog-grid wp-post-image\" alt=\"\" \/>\t\t\t\t\t\t\t\t\t\t <\/a>\n\t\t\t\t\t\t\t\t<\/figure>\n\t\t\t\t\t\t\t\t<div class=\"lower-content\">\n\t\t\t\t\t\t\t\t\t<div class=\"post-date\"><h2>20<\/h2><span>May<\/span><\/div>\n\t\t\t\t\t\t\t\t\t<h3><a href=\"https:\/\/vi2vals-immigration.ca\/en\/exemption-des-droits-de-scolarite-supplementaires-exiges-des-etudiants-etrangers-qui-etudieront-en-francais-et-en-region\/\">Foreign students who will study in French and in the region<\/a><\/h3>\n\t\t\t\t\t\t\t\t\t<ul class=\"post-info clearfix\">\n\t\t\t\t\t\t\t\t\n\t\t\t\t\t\t\t\t\t<li><a href=\"https:\/\/vi2vals-immigration.ca\/en\/author\/vi2vals\/\">By vi2vals<\/a><\/li>\n\t\t\t\t\t\t\t\t\t<li>\n\t\t\t\t\t\t\t\t\t\t\t\t\t\t\t\t<a href=\"https:\/\/vi2vals-immigration.ca\/en\/category\/etudes\/\">Etudes<\/a>\n\t\t\t\t\t\t  \t\t\t\t\t\t\t\t\t<\/li>\n\t\t\t\t\t\t\t\t\t<\/ul>\n\t\t\t\t\t\t\t\t\t<div class=\"link\"><a href=\"https:\/\/vi2vals-immigration.ca\/en\/exemption-des-droits-de-scolarite-supplementaires-exiges-des-etudiants-etrangers-qui-etudieront-en-francais-et-en-region\/\">Read More<i class=\"flaticon-send\"><\/i><\/a><\/div>\n\t\t\t\t\t\t\t\t<\/div>\n\t\t\t\t\t\t\t<\/div>\n\t\t\t\t\t\t<\/div>\n\t\t\t\t\t<\/div>\n\t\t\t\t\t\t\t\t\t\t\t\t\n\t\t\t\t\t<div class=\"col-lg-4 col-md-6 col-sm-12 news-block\">\n\t\t\t\t\t\t<div class=\"news-block-one wow fadeInUp animated animated\" data-wow-delay=\"2700ms\" data-wow-duration=\"1500ms\">\n\t\t\t\t\t\t\t<div class=\"inner-box\">\n\t\t\t\t\t\t\t\t<figure class=\"image-box\"><a href=\"https:\/\/vi2vals-immigration.ca\/en\/cest-bientot-lete-au-canada-cherchez-un-parc-national\/\">\n\t\t\t\t\t<img loading=\"lazy\" decoding=\"async\" width=\"360\" height=\"300\" src=\"https:\/\/vi2vals-immigration.ca\/wp-content\/uploads\/2022\/05\/banner-parc-nationaux-360x300.jpeg\" class=\"attachment-visarzo-blog-grid size-visarzo-blog-grid wp-post-image\" alt=\"\" \/>\t\t\t\t\t\t\t\t\t\t <\/a>\n\t\t\t\t\t\t\t\t<\/figure>\n\t\t\t\t\t\t\t\t<div class=\"lower-content\">\n\t\t\t\t\t\t\t\t\t<div class=\"post-date\"><h2>12<\/h2><span>May<\/span><\/div>\n\t\t\t\t\t\t\t\t\t<h3><a href=\"https:\/\/vi2vals-immigration.ca\/en\/cest-bientot-lete-au-canada-cherchez-un-parc-national\/\">Canada\u2019s summer is fast approaching, look for a national park<\/a><\/h3>\n\t\t\t\t\t\t\t\t\t<ul class=\"post-info clearfix\">\n\t\t\t\t\t\t\t\t\n\t\t\t\t\t\t\t\t\t<li><a href=\"https:\/\/vi2vals-immigration.ca\/en\/author\/vi2vals\/\">By vi2vals<\/a><\/li>\n\t\t\t\t\t\t\t\t\t<li>\n\t\t\t\t\t\t\t\t\t\t\t\t\t\t\t\t<a href=\"https:\/\/vi2vals-immigration.ca\/en\/category\/immigration\/\">Immigration<\/a>\n\t\t\t\t\t\t  \t\t\t\t\t\t\t\t\t<\/li>\n\t\t\t\t\t\t\t\t\t<\/ul>\n\t\t\t\t\t\t\t\t\t<div class=\"link\"><a href=\"https:\/\/vi2vals-immigration.ca\/en\/cest-bientot-lete-au-canada-cherchez-un-parc-national\/\">Read More<i class=\"flaticon-send\"><\/i><\/a><\/div>\n\t\t\t\t\t\t\t\t<\/div>\n\t\t\t\t\t\t\t<\/div>\n\t\t\t\t\t\t<\/div>\n\t\t\t\t\t<\/div>\n\t\t\t\t\t\t\t\t\t\t\t\t\n\t\t\t\t\t<div class=\"col-lg-4 col-md-6 col-sm-12 news-block\">\n\t\t\t\t\t\t<div class=\"news-block-one wow fadeInUp animated animated\" data-wow-delay=\"3000ms\" data-wow-duration=\"1500ms\">\n\t\t\t\t\t\t\t<div class=\"inner-box\">\n\t\t\t\t\t\t\t\t<figure class=\"image-box\"><a href=\"https:\/\/vi2vals-immigration.ca\/en\/le-ministre-jean-boulet-lance-un-plan-daction-pour-favoriser-la-regionalisation-de-limmigration\/\">\n\t\t\t\t\t<img loading=\"lazy\" decoding=\"async\" width=\"360\" height=\"300\" src=\"https:\/\/vi2vals-immigration.ca\/wp-content\/uploads\/2022\/05\/banner-regionalisation-immigration-360x300.jpeg\" class=\"attachment-visarzo-blog-grid size-visarzo-blog-grid wp-post-image\" alt=\"\" \/>\t\t\t\t\t\t\t\t\t\t <\/a>\n\t\t\t\t\t\t\t\t<\/figure>\n\t\t\t\t\t\t\t\t<div class=\"lower-content\">\n\t\t\t\t\t\t\t\t\t<div class=\"post-date\"><h2>12<\/h2><span>May<\/span><\/div>\n\t\t\t\t\t\t\t\t\t<h3><a href=\"https:\/\/vi2vals-immigration.ca\/en\/le-ministre-jean-boulet-lance-un-plan-daction-pour-favoriser-la-regionalisation-de-limmigration\/\">Action Plan to Promote the Regionalization of Immigration<\/a><\/h3>\n\t\t\t\t\t\t\t\t\t<ul class=\"post-info clearfix\">\n\t\t\t\t\t\t\t\t\n\t\t\t\t\t\t\t\t\t<li><a href=\"https:\/\/vi2vals-immigration.ca\/en\/author\/vi2vals\/\">By vi2vals<\/a><\/li>\n\t\t\t\t\t\t\t\t\t<li>\n\t\t\t\t\t\t\t\t\t\t\t\t\t\t\t\t<a href=\"https:\/\/vi2vals-immigration.ca\/en\/category\/immigration\/\">Immigration<\/a>\n\t\t\t\t\t\t  \t\t\t\t\t\t\t\t\t<\/li>\n\t\t\t\t\t\t\t\t\t<\/ul>\n\t\t\t\t\t\t\t\t\t<div class=\"link\"><a href=\"https:\/\/vi2vals-immigration.ca\/en\/le-ministre-jean-boulet-lance-un-plan-daction-pour-favoriser-la-regionalisation-de-limmigration\/\">Read More<i class=\"flaticon-send\"><\/i><\/a><\/div>\n\t\t\t\t\t\t\t\t<\/div>\n\t\t\t\t\t\t\t<\/div>\n\t\t\t\t\t\t<\/div>\n\t\t\t\t\t<\/div>\n\t\t\t\t\t\t\t\t\t\t\t\t\n\t\t\t\t\t<div class=\"col-lg-4 col-md-6 col-sm-12 news-block\">\n\t\t\t\t\t\t<div class=\"news-block-one wow fadeInUp animated animated\" data-wow-delay=\"3300ms\" data-wow-duration=\"1500ms\">\n\t\t\t\t\t\t\t<div class=\"inner-box\">\n\t\t\t\t\t\t\t\t<figure class=\"image-box\"><a href=\"https:\/\/vi2vals-immigration.ca\/en\/le-canada-elargit-les-services-a-letranger-a-lintention-des-ukrainiens\/\">\n\t\t\t\t\t<img loading=\"lazy\" decoding=\"async\" width=\"360\" height=\"300\" src=\"https:\/\/vi2vals-immigration.ca\/wp-content\/uploads\/2022\/05\/banner-canada-ukraine-360x300.jpeg\" class=\"attachment-visarzo-blog-grid size-visarzo-blog-grid wp-post-image\" alt=\"\" \/>\t\t\t\t\t\t\t\t\t\t <\/a>\n\t\t\t\t\t\t\t\t<\/figure>\n\t\t\t\t\t\t\t\t<div class=\"lower-content\">\n\t\t\t\t\t\t\t\t\t<div class=\"post-date\"><h2>09<\/h2><span>May<\/span><\/div>\n\t\t\t\t\t\t\t\t\t<h3><a href=\"https:\/\/vi2vals-immigration.ca\/en\/le-canada-elargit-les-services-a-letranger-a-lintention-des-ukrainiens\/\">Canada expands services abroad for Ukrainians<\/a><\/h3>\n\t\t\t\t\t\t\t\t\t<ul class=\"post-info clearfix\">\n\t\t\t\t\t\t\t\t\n\t\t\t\t\t\t\t\t\t<li><a href=\"https:\/\/vi2vals-immigration.ca\/en\/author\/vi2vals\/\">By vi2vals<\/a><\/li>\n\t\t\t\t\t\t\t\t\t<li>\n\t\t\t\t\t\t\t\t\t\t\t\t\t\t\t\t<a href=\"https:\/\/vi2vals-immigration.ca\/en\/category\/immigration\/\">Immigration<\/a>\n\t\t\t\t\t\t  \t\t\t\t\t\t\t\t\t<\/li>\n\t\t\t\t\t\t\t\t\t<\/ul>\n\t\t\t\t\t\t\t\t\t<div class=\"link\"><a href=\"https:\/\/vi2vals-immigration.ca\/en\/le-canada-elargit-les-services-a-letranger-a-lintention-des-ukrainiens\/\">Read More<i class=\"flaticon-send\"><\/i><\/a><\/div>\n\t\t\t\t\t\t\t\t<\/div>\n\t\t\t\t\t\t\t<\/div>\n\t\t\t\t\t\t<\/div>\n\t\t\t\t\t<\/div>\n\t\t\t\t\t\t\t\t\t\t\t\t\n\t\t\t\t\t<div class=\"col-lg-4 col-md-6 col-sm-12 news-block\">\n\t\t\t\t\t\t<div class=\"news-block-one wow fadeInUp animated animated\" data-wow-delay=\"3600ms\" data-wow-duration=\"1500ms\">\n\t\t\t\t\t\t\t<div class=\"inner-box\">\n\t\t\t\t\t\t\t\t<figure class=\"image-box\"><a href=\"https:\/\/vi2vals-immigration.ca\/en\/mesures-pour-remedier-a-la-penurie-de-main-doeuvre-au-canada\/\">\n\t\t\t\t\t<img loading=\"lazy\" decoding=\"async\" width=\"360\" height=\"300\" src=\"https:\/\/vi2vals-immigration.ca\/wp-content\/uploads\/2021\/10\/EMPLOIstart-360x300.jpg\" class=\"attachment-visarzo-blog-grid size-visarzo-blog-grid wp-post-image\" alt=\"\" \/>\t\t\t\t\t\t\t\t\t\t <\/a>\n\t\t\t\t\t\t\t\t<\/figure>\n\t\t\t\t\t\t\t\t<div class=\"lower-content\">\n\t\t\t\t\t\t\t\t\t<div class=\"post-date\"><h2>25<\/h2><span>Apr<\/span><\/div>\n\t\t\t\t\t\t\t\t\t<h3><a href=\"https:\/\/vi2vals-immigration.ca\/en\/mesures-pour-remedier-a-la-penurie-de-main-doeuvre-au-canada\/\">New Measures to Address Canada\u2019s Labour Shortage<\/a><\/h3>\n\t\t\t\t\t\t\t\t\t<ul class=\"post-info clearfix\">\n\t\t\t\t\t\t\t\t\n\t\t\t\t\t\t\t\t\t<li><a href=\"https:\/\/vi2vals-immigration.ca\/en\/author\/vi2vals\/\">By vi2vals<\/a><\/li>\n\t\t\t\t\t\t\t\t\t<li>\n\t\t\t\t\t\t\t\t\t\t\t\t\t\t\t\t<a href=\"https:\/\/vi2vals-immigration.ca\/en\/category\/immigration\/\">Immigration<\/a>\n\t\t\t\t\t\t  \t\t\t\t\t\t\t\t\t<\/li>\n\t\t\t\t\t\t\t\t\t<\/ul>\n\t\t\t\t\t\t\t\t\t<div class=\"link\"><a href=\"https:\/\/vi2vals-immigration.ca\/en\/mesures-pour-remedier-a-la-penurie-de-main-doeuvre-au-canada\/\">Read More<i class=\"flaticon-send\"><\/i><\/a><\/div>\n\t\t\t\t\t\t\t\t<\/div>\n\t\t\t\t\t\t\t<\/div>\n\t\t\t\t\t\t<\/div>\n\t\t\t\t\t<\/div>\n\t\t\t\t\t\t\t\t\t\t\t\t\n\t\t\t\t\t<div class=\"col-lg-4 col-md-6 col-sm-12 news-block\">\n\t\t\t\t\t\t<div class=\"news-block-one wow fadeInUp animated animated\" data-wow-delay=\"3900ms\" data-wow-duration=\"1500ms\">\n\t\t\t\t\t\t\t<div class=\"inner-box\">\n\t\t\t\t\t\t\t\t<figure class=\"image-box\"><a href=\"https:\/\/vi2vals-immigration.ca\/en\/ouverture-officielle-du-college-des-consultants-en-immigration-et-en-citoyennete\/\">\n\t\t\t\t\t<img loading=\"lazy\" decoding=\"async\" width=\"360\" height=\"300\" src=\"https:\/\/vi2vals-immigration.ca\/wp-content\/uploads\/2021\/11\/CRIC-E-F-360x300.jpeg\" class=\"attachment-visarzo-blog-grid size-visarzo-blog-grid wp-post-image\" alt=\"\" \/>\t\t\t\t\t\t\t\t\t\t <\/a>\n\t\t\t\t\t\t\t\t<\/figure>\n\t\t\t\t\t\t\t\t<div class=\"lower-content\">\n\t\t\t\t\t\t\t\t\t<div class=\"post-date\"><h2>29<\/h2><span>Nov<\/span><\/div>\n\t\t\t\t\t\t\t\t\t<h3><a href=\"https:\/\/vi2vals-immigration.ca\/en\/ouverture-officielle-du-college-des-consultants-en-immigration-et-en-citoyennete\/\">Official Opening of the College of Immigration and Citizenship Consultants<\/a><\/h3>\n\t\t\t\t\t\t\t\t\t<ul class=\"post-info clearfix\">\n\t\t\t\t\t\t\t\t\n\t\t\t\t\t\t\t\t\t<li><a href=\"https:\/\/vi2vals-immigration.ca\/en\/author\/vi2vals\/\">By vi2vals<\/a><\/li>\n\t\t\t\t\t\t\t\t\t<li>\n\t\t\t\t\t\t\t\t\t\t\t\t\t\t\t\t<a href=\"https:\/\/vi2vals-immigration.ca\/en\/category\/immigration\/\">Immigration<\/a>\n\t\t\t\t\t\t  \t\t\t\t\t\t\t\t\t<\/li>\n\t\t\t\t\t\t\t\t\t<\/ul>\n\t\t\t\t\t\t\t\t\t<div class=\"link\"><a href=\"https:\/\/vi2vals-immigration.ca\/en\/ouverture-officielle-du-college-des-consultants-en-immigration-et-en-citoyennete\/\">Read More<i class=\"flaticon-send\"><\/i><\/a><\/div>\n\t\t\t\t\t\t\t\t<\/div>\n\t\t\t\t\t\t\t<\/div>\n\t\t\t\t\t\t<\/div>\n\t\t\t\t\t<\/div>\n\t\t\t\t\t\t\t\t\t\t\t\t\n\t\t\t\t\t<div class=\"col-lg-4 col-md-6 col-sm-12 news-block\">\n\t\t\t\t\t\t<div class=\"news-block-one wow fadeInUp animated animated\" data-wow-delay=\"4200ms\" data-wow-duration=\"1500ms\">\n\t\t\t\t\t\t\t<div class=\"inner-box\">\n\t\t\t\t\t\t\t\t<figure class=\"image-box\"><a href=\"https:\/\/vi2vals-immigration.ca\/en\/les-projets-de-lontario-pour-les-immigrants\/\">\n\t\t\t\t\t<img loading=\"lazy\" decoding=\"async\" width=\"360\" height=\"300\" src=\"https:\/\/vi2vals-immigration.ca\/wp-content\/uploads\/2021\/08\/page-contact-3-360x300.png\" class=\"attachment-visarzo-blog-grid size-visarzo-blog-grid wp-post-image\" alt=\"\" \/>\t\t\t\t\t\t\t\t\t\t <\/a>\n\t\t\t\t\t\t\t\t<\/figure>\n\t\t\t\t\t\t\t\t<div class=\"lower-content\">\n\t\t\t\t\t\t\t\t\t<div class=\"post-date\"><h2>06<\/h2><span>Nov<\/span><\/div>\n\t\t\t\t\t\t\t\t\t<h3><a href=\"https:\/\/vi2vals-immigration.ca\/en\/les-projets-de-lontario-pour-les-immigrants\/\">Ontario\u2019s Projects for Immigrants<\/a><\/h3>\n\t\t\t\t\t\t\t\t\t<ul class=\"post-info clearfix\">\n\t\t\t\t\t\t\t\t\n\t\t\t\t\t\t\t\t\t<li><a href=\"https:\/\/vi2vals-immigration.ca\/en\/author\/vi2vals\/\">By vi2vals<\/a><\/li>\n\t\t\t\t\t\t\t\t\t<li>\n\t\t\t\t\t\t\t\t\t\t\t\t\t\t\t\t<a href=\"https:\/\/vi2vals-immigration.ca\/en\/category\/immigration\/\">Immigration<\/a>\n\t\t\t\t\t\t  \t\t\t\t\t\t\t\t\t<\/li>\n\t\t\t\t\t\t\t\t\t<\/ul>\n\t\t\t\t\t\t\t\t\t<div class=\"link\"><a href=\"https:\/\/vi2vals-immigration.ca\/en\/les-projets-de-lontario-pour-les-immigrants\/\">Read More<i class=\"flaticon-send\"><\/i><\/a><\/div>\n\t\t\t\t\t\t\t\t<\/div>\n\t\t\t\t\t\t\t<\/div>\n\t\t\t\t\t\t<\/div>\n\t\t\t\t\t<\/div>\n\t\t\t\t\t\n\t\t\t\t<\/div>\n\t\t\t<\/div>\n\t\t<\/section>\n\t\t\t\t\t\t\t\t<!-- news-style-three end -->\n\t\t \t\t<\/div>\n\t\t\t\t<\/div>\n\t\t\t\t\t<\/div>\n\t\t<\/div>\n\t\t\t\t\t\t\t<\/div>\n\t\t<\/section>\n\t\t\t\t\t\t\t<\/div>","protected":false},"excerpt":{"rendered":"<p>27 Nov VI2VALS IMMIGRATION :\u00a0PRIX COUP DE C\u0152UR A LA 5E \u00c9DITION DES BOURSES D\u2019HONNEUR DE LA DIVERSITE ETHNOCULTURELLE By [&hellip;]<\/p>","protected":false},"author":1,"featured_media":3233,"parent":0,"menu_order":0,"comment_status":"closed","ping_status":"closed","template":"redux-templates_full_width","meta":{"footnotes":""},"class_list":["post-3231","page","type-page","status-publish","has-post-thumbnail","hentry"],"yoast_head":"<!-- This site is optimized with the Yoast SEO plugin v20.1 - https:\/\/yoast.com\/wordpress\/plugins\/seo\/ -->\n<title>Actualit\u00e9s - Vi2vals-Immigration<\/title>\n<meta name=\"robots\" content=\"index, follow, max-snippet:-1, max-image-preview:large, max-video-preview:-1\" \/>\n<link rel=\"canonical\" href=\"https:\/\/vi2vals-immigration.ca\/en\/actualites\/\" \/>\n<meta property=\"og:locale\" content=\"en_GB\" \/>\n<meta property=\"og:type\" content=\"article\" \/>\n<meta property=\"og:title\" content=\"Actualit\u00e9s - Vi2vals-Immigration\" \/>\n<meta property=\"og:description\" content=\"27 Nov VI2VALS IMMIGRATION :\u00a0PRIX COUP DE C\u0152UR A LA 5E \u00c9DITION DES BOURSES D\u2019HONNEUR DE LA DIVERSITE ETHNOCULTURELLE By [&hellip;]\" \/>\n<meta property=\"og:url\" content=\"https:\/\/vi2vals-immigration.ca\/en\/actualites\/\" \/>\n<meta property=\"og:site_name\" content=\"Vi2vals-Immigration\" \/>\n<meta property=\"article:publisher\" content=\"https:\/\/www.facebook.com\/Vi2ValsImmigration\" \/>\n<meta property=\"article:modified_time\" content=\"2022-11-29T09:05:04+00:00\" \/>\n<meta property=\"og:image\" content=\"https:\/\/vi2vals-immigration.ca\/wp-content\/uploads\/2021\/11\/photo_2021-10-20_12-49-13.jpg\" \/>\n\t<meta property=\"og:image:width\" content=\"1920\" \/>\n\t<meta property=\"og:image:height\" content=\"485\" \/>\n\t<meta property=\"og:image:type\" content=\"image\/jpeg\" \/>\n<meta name=\"twitter:card\" content=\"summary_large_image\" \/>\n<meta name=\"twitter:label1\" content=\"Estimated reading time\" \/>\n\t<meta name=\"twitter:data1\" content=\"4 minutes\" \/>\n<script type=\"application\/ld+json\" class=\"yoast-schema-graph\">{\"@context\":\"https:\/\/schema.org\",\"@graph\":[{\"@type\":\"WebPage\",\"@id\":\"https:\/\/vi2vals-immigration.ca\/actualites\/\",\"url\":\"https:\/\/vi2vals-immigration.ca\/actualites\/\",\"name\":\"Actualit\u00e9s - Vi2vals-Immigration\",\"isPartOf\":{\"@id\":\"https:\/\/vi2vals-immigration.ca\/#website\"},\"datePublished\":\"2021-11-06T21:05:00+00:00\",\"dateModified\":\"2022-11-29T09:05:04+00:00\",\"breadcrumb\":{\"@id\":\"https:\/\/vi2vals-immigration.ca\/actualites\/#breadcrumb\"},\"inLanguage\":\"en-GB\",\"potentialAction\":[{\"@type\":\"ReadAction\",\"target\":[\"https:\/\/vi2vals-immigration.ca\/actualites\/\"]}]},{\"@type\":\"BreadcrumbList\",\"@id\":\"https:\/\/vi2vals-immigration.ca\/actualites\/#breadcrumb\",\"itemListElement\":[{\"@type\":\"ListItem\",\"position\":1,\"name\":\"Accueil\",\"item\":\"https:\/\/vi2vals-immigration.ca\/\"},{\"@type\":\"ListItem\",\"position\":2,\"name\":\"Actualit\u00e9s\"}]},{\"@type\":\"WebSite\",\"@id\":\"https:\/\/vi2vals-immigration.ca\/#website\",\"url\":\"https:\/\/vi2vals-immigration.ca\/\",\"name\":\"Vi2vals-Immigration\",\"description\":\"votre projet de A \u00e0 Z\",\"publisher\":{\"@id\":\"https:\/\/vi2vals-immigration.ca\/#organization\"},\"potentialAction\":[{\"@type\":\"SearchAction\",\"target\":{\"@type\":\"EntryPoint\",\"urlTemplate\":\"https:\/\/vi2vals-immigration.ca\/?s={search_term_string}\"},\"query-input\":\"required name=search_term_string\"}],\"inLanguage\":\"en-GB\"},{\"@type\":\"Organization\",\"@id\":\"https:\/\/vi2vals-immigration.ca\/#organization\",\"name\":\"Vi2vals Immigration Inc.\",\"url\":\"https:\/\/vi2vals-immigration.ca\/\",\"logo\":{\"@type\":\"ImageObject\",\"inLanguage\":\"en-GB\",\"@id\":\"https:\/\/vi2vals-immigration.ca\/#\/schema\/logo\/image\/\",\"url\":\"https:\/\/vi2vals-immigration.ca\/wp-content\/uploads\/2022\/01\/logoSEO.jpeg\",\"contentUrl\":\"https:\/\/vi2vals-immigration.ca\/wp-content\/uploads\/2022\/01\/logoSEO.jpeg\",\"width\":363,\"height\":363,\"caption\":\"Vi2vals Immigration Inc.\"},\"image\":{\"@id\":\"https:\/\/vi2vals-immigration.ca\/#\/schema\/logo\/image\/\"},\"sameAs\":[\"https:\/\/www.facebook.com\/Vi2ValsImmigration\"]}]}<\/script>\n<!-- \/ Yoast SEO plugin. -->","yoast_head_json":{"title":"Actualit\u00e9s - Vi2vals-Immigration","robots":{"index":"index","follow":"follow","max-snippet":"max-snippet:-1","max-image-preview":"max-image-preview:large","max-video-preview":"max-video-preview:-1"},"canonical":"https:\/\/vi2vals-immigration.ca\/en\/actualites\/","og_locale":"en_GB","og_type":"article","og_title":"Actualit\u00e9s - Vi2vals-Immigration","og_description":"27 Nov VI2VALS IMMIGRATION :\u00a0PRIX COUP DE C\u0152UR A LA 5E \u00c9DITION DES BOURSES D\u2019HONNEUR DE LA DIVERSITE ETHNOCULTURELLE By [&hellip;]","og_url":"https:\/\/vi2vals-immigration.ca\/en\/actualites\/","og_site_name":"Vi2vals-Immigration","article_publisher":"https:\/\/www.facebook.com\/Vi2ValsImmigration","article_modified_time":"2022-11-29T09:05:04+00:00","og_image":[{"width":1920,"height":485,"url":"https:\/\/vi2vals-immigration.ca\/wp-content\/uploads\/2021\/11\/photo_2021-10-20_12-49-13.jpg","type":"image\/jpeg"}],"twitter_card":"summary_large_image","twitter_misc":{"Estimated reading time":"4 minutes"},"schema":{"@context":"https:\/\/schema.org","@graph":[{"@type":"WebPage","@id":"https:\/\/vi2vals-immigration.ca\/actualites\/","url":"https:\/\/vi2vals-immigration.ca\/actualites\/","name":"Actualit\u00e9s - Vi2vals-Immigration","isPartOf":{"@id":"https:\/\/vi2vals-immigration.ca\/#website"},"datePublished":"2021-11-06T21:05:00+00:00","dateModified":"2022-11-29T09:05:04+00:00","breadcrumb":{"@id":"https:\/\/vi2vals-immigration.ca\/actualites\/#breadcrumb"},"inLanguage":"en-GB","potentialAction":[{"@type":"ReadAction","target":["https:\/\/vi2vals-immigration.ca\/actualites\/"]}]},{"@type":"BreadcrumbList","@id":"https:\/\/vi2vals-immigration.ca\/actualites\/#breadcrumb","itemListElement":[{"@type":"ListItem","position":1,"name":"Accueil","item":"https:\/\/vi2vals-immigration.ca\/"},{"@type":"ListItem","position":2,"name":"Actualit\u00e9s"}]},{"@type":"WebSite","@id":"https:\/\/vi2vals-immigration.ca\/#website","url":"https:\/\/vi2vals-immigration.ca\/","name":"Vi2vals-Immigration","description":"votre projet de A \u00e0 Z","publisher":{"@id":"https:\/\/vi2vals-immigration.ca\/#organization"},"potentialAction":[{"@type":"SearchAction","target":{"@type":"EntryPoint","urlTemplate":"https:\/\/vi2vals-immigration.ca\/?s={search_term_string}"},"query-input":"required name=search_term_string"}],"inLanguage":"en-GB"},{"@type":"Organization","@id":"https:\/\/vi2vals-immigration.ca\/#organization","name":"Vi2vals Immigration Inc.","url":"https:\/\/vi2vals-immigration.ca\/","logo":{"@type":"ImageObject","inLanguage":"en-GB","@id":"https:\/\/vi2vals-immigration.ca\/#\/schema\/logo\/image\/","url":"https:\/\/vi2vals-immigration.ca\/wp-content\/uploads\/2022\/01\/logoSEO.jpeg","contentUrl":"https:\/\/vi2vals-immigration.ca\/wp-content\/uploads\/2022\/01\/logoSEO.jpeg","width":363,"height":363,"caption":"Vi2vals Immigration Inc."},"image":{"@id":"https:\/\/vi2vals-immigration.ca\/#\/schema\/logo\/image\/"},"sameAs":["https:\/\/www.facebook.com\/Vi2ValsImmigration"]}]}},"_links":{"self":[{"href":"https:\/\/vi2vals-immigration.ca\/en\/wp-json\/wp\/v2\/pages\/3231","targetHints":{"allow":["GET"]}}],"collection":[{"href":"https:\/\/vi2vals-immigration.ca\/en\/wp-json\/wp\/v2\/pages"}],"about":[{"href":"https:\/\/vi2vals-immigration.ca\/en\/wp-json\/wp\/v2\/types\/page"}],"author":[{"embeddable":true,"href":"https:\/\/vi2vals-immigration.ca\/en\/wp-json\/wp\/v2\/users\/1"}],"replies":[{"embeddable":true,"href":"https:\/\/vi2vals-immigration.ca\/en\/wp-json\/wp\/v2\/comments?post=3231"}],"version-history":[{"count":22,"href":"https:\/\/vi2vals-immigration.ca\/en\/wp-json\/wp\/v2\/pages\/3231\/revisions"}],"predecessor-version":[{"id":4720,"href":"https:\/\/vi2vals-immigration.ca\/en\/wp-json\/wp\/v2\/pages\/3231\/revisions\/4720"}],"wp:featuredmedia":[{"embeddable":true,"href":"https:\/\/vi2vals-immigration.ca\/en\/wp-json\/wp\/v2\/media\/3233"}],"wp:attachment":[{"href":"https:\/\/vi2vals-immigration.ca\/en\/wp-json\/wp\/v2\/media?parent=3231"}],"curies":[{"name":"wp","href":"https:\/\/api.w.org\/{rel}","templated":true}]}}